{"id":4025,"date":"2021-09-27T15:27:14","date_gmt":"2021-09-27T18:27:14","guid":{"rendered":"https:\/\/abicann.org\/perguntas-frequentes\/quando-e-onde-se-reunem-os-comites-da-abicann\/"},"modified":"2021-09-27T15:27:14","modified_gmt":"2021-09-27T18:27:14","slug":"quando-e-onde-se-reunem-os-comites-da-abicann","status":"publish","type":"avada_faq","link":"https:\/\/abicann.org\/es\/perguntas-frequentes\/quando-e-onde-se-reunem-os-comites-da-abicann\/","title":{"rendered":"Quando e onde se re\u00fanem os Comit\u00eas da ABICANN?"},"content":{"rendered":"<p>S\u00e3o <span style=\"text-decoration: underline;\">cinco comit\u00eas principais<\/span> que tratam de assuntos em macrocen\u00e1rios. Economia, Internacional, Justi\u00e7a, Pol\u00edtica e Sociedade re\u00fanem membros da ABICANN em reuni\u00f5es (virtuais e presenciais), que d\u00e3o origens aos Grupos de Trabalho, respons\u00e1veis para o desenvolvimento das Boas Pr\u00e1ticas dos mercados de Cannabis Medicinal e do C\u00e2nhamo Industrial brasileiro. Para saber mais, assine nossa newsletter para receber os convites para cursos, oficinas, eventos, rodadas de neg\u00f3cios, congressos, semin\u00e1rios, palestras, debates, grupos de estudos, entre outras atividades de interesse dos Associados.<\/p>\n","protected":false},"excerpt":{"rendered":"<p>S\u00e3o cinco comit\u00eas principais que tratam de assuntos em macrocen\u00e1rios. Economia, Internacional, Justi\u00e7a, Pol\u00edtica e Sociedade re\u00fanem membros da ABICANN em reuni\u00f5es (virtuais e presenciais), que d\u00e3o origens aos Grupos [&hellip;]<\/p>\n","protected":false},"author":3,"featured_media":0,"menu_order":0,"comment_status":"closed","ping_status":"closed","template":"","format":"standard","meta":[],"faq_category":[],"yoast_head":"<!-- This site is optimized with the Yoast SEO plugin v22.1 - https:\/\/yoast.com\/wordpress\/plugins\/seo\/ -->\n<title>Quando e onde se re\u00fanem os Comit\u00eas da ABICANN? | Associa\u00e7\u00e3o Brasileira das Ind\u00fastrias de Cannabis | ABICANN<\/title>\n<meta name=\"robots\" content=\"index, follow, max-snippet:-1, max-image-preview:large, max-video-preview:-1\" \/>\n<link rel=\"canonical\" href=\"https:\/\/abicann.org\/es\/perguntas-frequentes\/quando-e-onde-se-reunem-os-comites-da-abicann\/\" \/>\n<script type=\"application\/ld+json\" class=\"yoast-schema-graph\">{\"@context\":\"https:\/\/schema.org\",\"@graph\":[{\"@type\":\"WebPage\",\"@id\":\"https:\/\/abicann.org\/es\/perguntas-frequentes\/quando-e-onde-se-reunem-os-comites-da-abicann\/\",\"url\":\"https:\/\/abicann.org\/es\/perguntas-frequentes\/quando-e-onde-se-reunem-os-comites-da-abicann\/\",\"name\":\"Quando e onde se re\u00fanem os Comit\u00eas da ABICANN? | Associa\u00e7\u00e3o Brasileira das Ind\u00fastrias de Cannabis | ABICANN\",\"isPartOf\":{\"@id\":\"https:\/\/abicann.org\/#website\"},\"datePublished\":\"2021-09-27T18:27:14+00:00\",\"dateModified\":\"2021-09-27T18:27:14+00:00\",\"breadcrumb\":{\"@id\":\"https:\/\/abicann.org\/es\/perguntas-frequentes\/quando-e-onde-se-reunem-os-comites-da-abicann\/#breadcrumb\"},\"inLanguage\":\"es\",\"potentialAction\":[{\"@type\":\"ReadAction\",\"target\":[\"https:\/\/abicann.org\/es\/perguntas-frequentes\/quando-e-onde-se-reunem-os-comites-da-abicann\/\"]}]},{\"@type\":\"BreadcrumbList\",\"@id\":\"https:\/\/abicann.org\/es\/perguntas-frequentes\/quando-e-onde-se-reunem-os-comites-da-abicann\/#breadcrumb\",\"itemListElement\":[{\"@type\":\"ListItem\",\"position\":1,\"name\":\"In\u00edcio\",\"item\":\"https:\/\/abicann.org\/es\/\"},{\"@type\":\"ListItem\",\"position\":2,\"name\":\"FAQs\",\"item\":\"https:\/\/abicann.org\/es\/perguntas-frequentes\/\"},{\"@type\":\"ListItem\",\"position\":3,\"name\":\"Quando e onde se re\u00fanem os Comit\u00eas da ABICANN?\"}]},{\"@type\":\"WebSite\",\"@id\":\"https:\/\/abicann.org\/#website\",\"url\":\"https:\/\/abicann.org\/\",\"name\":\"Associa\u00e7\u00e3o Brasileira das Ind\u00fastrias de Cannabis | ABICANN\",\"description\":\"Associa\u00e7\u00e3o empresarial de defesa da Cannabis no Brasil\",\"potentialAction\":[{\"@type\":\"SearchAction\",\"target\":{\"@type\":\"EntryPoint\",\"urlTemplate\":\"https:\/\/abicann.org\/?s={search_term_string}\"},\"query-input\":\"required name=search_term_string\"}],\"inLanguage\":\"es\"}]}<\/script>\n<!-- \/ Yoast SEO plugin. -->","yoast_head_json":{"title":"Quando e onde se re\u00fanem os Comit\u00eas da ABICANN? | Associa\u00e7\u00e3o Brasileira das Ind\u00fastrias de Cannabis | ABICANN","robots":{"index":"index","follow":"follow","max-snippet":"max-snippet:-1","max-image-preview":"max-image-preview:large","max-video-preview":"max-video-preview:-1"},"canonical":"https:\/\/abicann.org\/es\/perguntas-frequentes\/quando-e-onde-se-reunem-os-comites-da-abicann\/","schema":{"@context":"https:\/\/schema.org","@graph":[{"@type":"WebPage","@id":"https:\/\/abicann.org\/es\/perguntas-frequentes\/quando-e-onde-se-reunem-os-comites-da-abicann\/","url":"https:\/\/abicann.org\/es\/perguntas-frequentes\/quando-e-onde-se-reunem-os-comites-da-abicann\/","name":"Quando e onde se re\u00fanem os Comit\u00eas da ABICANN? | Associa\u00e7\u00e3o Brasileira das Ind\u00fastrias de Cannabis | ABICANN","isPartOf":{"@id":"https:\/\/abicann.org\/#website"},"datePublished":"2021-09-27T18:27:14+00:00","dateModified":"2021-09-27T18:27:14+00:00","breadcrumb":{"@id":"https:\/\/abicann.org\/es\/perguntas-frequentes\/quando-e-onde-se-reunem-os-comites-da-abicann\/#breadcrumb"},"inLanguage":"es","potentialAction":[{"@type":"ReadAction","target":["https:\/\/abicann.org\/es\/perguntas-frequentes\/quando-e-onde-se-reunem-os-comites-da-abicann\/"]}]},{"@type":"BreadcrumbList","@id":"https:\/\/abicann.org\/es\/perguntas-frequentes\/quando-e-onde-se-reunem-os-comites-da-abicann\/#breadcrumb","itemListElement":[{"@type":"ListItem","position":1,"name":"In\u00edcio","item":"https:\/\/abicann.org\/es\/"},{"@type":"ListItem","position":2,"name":"FAQs","item":"https:\/\/abicann.org\/es\/perguntas-frequentes\/"},{"@type":"ListItem","position":3,"name":"Quando e onde se re\u00fanem os Comit\u00eas da ABICANN?"}]},{"@type":"WebSite","@id":"https:\/\/abicann.org\/#website","url":"https:\/\/abicann.org\/","name":"Associa\u00e7\u00e3o Brasileira das Ind\u00fastrias de Cannabis | ABICANN","description":"Associa\u00e7\u00e3o empresarial de defesa da Cannabis no Brasil","potentialAction":[{"@type":"SearchAction","target":{"@type":"EntryPoint","urlTemplate":"https:\/\/abicann.org\/?s={search_term_string}"},"query-input":"required name=search_term_string"}],"inLanguage":"es"}]}},"_links":{"self":[{"href":"https:\/\/abicann.org\/es\/wp-json\/wp\/v2\/avada_faq\/4025"}],"collection":[{"href":"https:\/\/abicann.org\/es\/wp-json\/wp\/v2\/avada_faq"}],"about":[{"href":"https:\/\/abicann.org\/es\/wp-json\/wp\/v2\/types\/avada_faq"}],"author":[{"embeddable":true,"href":"https:\/\/abicann.org\/es\/wp-json\/wp\/v2\/users\/3"}],"replies":[{"embeddable":true,"href":"https:\/\/abicann.org\/es\/wp-json\/wp\/v2\/comments?post=4025"}],"version-history":[{"count":0,"href":"https:\/\/abicann.org\/es\/wp-json\/wp\/v2\/avada_faq\/4025\/revisions"}],"wp:attachment":[{"href":"https:\/\/abicann.org\/es\/wp-json\/wp\/v2\/media?parent=4025"}],"wp:term":[{"taxonomy":"faq_category","embeddable":true,"href":"https:\/\/abicann.org\/es\/wp-json\/wp\/v2\/faq_category?post=4025"}],"curies":[{"name":"wp","href":"https:\/\/api.w.org\/{rel}","templated":true}]}}